{"id":9826,"date":"2015-08-10T18:38:38","date_gmt":"2015-08-10T21:38:38","guid":{"rendered":"https:\/\/forumjustica.vlannetwork.com\/?post_type=bibliotecas&#038;p=9826"},"modified":"2022-09-14T01:44:43","modified_gmt":"2022-09-14T04:44:43","slug":"100-regras-de-brasilia-e-outros-documentos","status":"publish","type":"biblioteca","link":"https:\/\/forumjustica.com.br\/es\/biblioteca\/100-regras-de-brasilia-e-outros-documentos\/","title":{"rendered":"Documentos"},"content":{"rendered":"<p><strong>Sobre las 100 Reglas de Brasilia<\/strong><br \/>\n<a href=\"https:\/\/forumjustica.com.br\/wp-content\/uploads\/2015\/08\/100reglas.pdf\">100 Reglas de Brasilia para Acceso a la Justicia de Personas en Condici\u00f3n de Vulnerabilidad &#8211; versi\u00f3n en espa\u00f1ol<\/a><br \/>\n<a href=\"https:\/\/forumjustica.com.br\/wp-content\/uploads\/2015\/08\/Declaracion-de-Brasilia.pdf\">Declaraci\u00f3n de Brasilia &#8211; XIV Cumbre Judicial Iberoamericana &#8211; versi\u00f3n en espa\u00f1ol<\/a><br \/>\n<a href=\"https:\/\/forumjustica.com.br\/wp-content\/uploads\/2011\/10\/Fuerza-Obligatopria-100-Reglas_discusion.REV_.2.cnr_.pdf\">Minuta sobre fuerza normativa de las 100 Reglas de Brasilia. &#8211; Prof. Claudio Nash &#8211; en espa\u00f1ol<\/a><br \/>\n<a href=\"https:\/\/forumjustica.com.br\/wp-content\/uploads\/2015\/08\/Relatorio_Seminario_Rio_100-Regras-de-Bras--lia.pdf\"><em>Carta do Rio \u2013 Relat\u00f3rio Seminario Rio 100 Regras de Bras\u00edlia (2009) &#8211; en portugu\u00e9s<\/em><\/a><br \/>\n<a href=\"https:\/\/forumjustica.com.br\/wp-content\/uploads\/2011\/10\/resolucion-fg-nc2ba-007-10-reglas-de-brasilia-ref-act-int-nc2ba-10318-09.pdf\">Resoluci\u00f3n FG 7\/2010 del Ministerio P\u00fablico Fiscal de la Ciudad Aut\u00f3noma de Buenos Aires, acerca de las 100 Reglas de Bras\u00edlia &#8211; en espa\u00f1ol<\/a><br \/>\n<a href=\"https:\/\/forumjustica.com.br\/wp-content\/uploads\/2011\/10\/Compromisos-de-Buenos-Aires.pdf\">Compromisos de Buenos Aires &#8211; Resultados del II Encuentro An\u00e1lisis de las 100 Reglas de Brasilia &#8211; en espa\u00f1ol\u00a0<\/a><br \/>\n<a href=\"https:\/\/forumjustica.com.br\/wp-content\/uploads\/2011\/10\/Informativo_II_Encontro_100_Regras_de_Brasilia.pdf\"><em>Informativo do II Encuentro An\u00e1lisis de las 100 Reglas de Brasilia por las Instituciones del Sistema de Justicia de Brasil, Argentina, Uruguay, Paraguay y Chile: Acceso a Justicia de Personas en Condiciones de Vulnerabilidad. Jornada Santos Pastor Prieto &#8211; en portugu\u00e9s<\/em><\/a><br \/>\n<a href=\"https:\/\/forumjustica.com.br\/wp-content\/uploads\/2011\/10\/Informe-de-aplica%C3%A7%C3%A3o-100-Regras-de-Brasilia.pdf\">Informe sobre la aplicaci\u00f3n de las 100 Reglas de Brasilia por parte de la Cumbre Judicial Iberoamericana &#8211; en espa\u00f1ol<\/a><br \/>\n<a href=\"https:\/\/forumjustica.com.br\/wp-content\/uploads\/2015\/08\/miolo_100diretrizes_espanhol_orelha_v2-2.pdf\">100 Directrices para un Modelo de Justicia Integrador &#8211; F\u00f3rum Justi\u00e7a &#8211; versi\u00f3n en espa\u00f1ol<\/a><br \/>\n&nbsp;<br \/>\n<strong>Productos del F\u00f3rum Justi\u00e7a<\/strong><br \/>\n2011<br \/>\n<a href=\"https:\/\/forumjustica.com.br\/wp-content\/uploads\/2015\/08\/PACTO-FORUM-JUSTI-A-COMPLETO.pdf\"><em>Pacto F\u00f3rum Justi\u00e7a &#8211; en portugu\u00e9s<\/em><\/a><br \/>\n2014<br \/>\n<a href=\"https:\/\/forumjustica.com.br\/wp-content\/uploads\/2015\/08\/Memoria-AGE-ANADEP-FJ-final.pdf\"><em>Mem\u00f3ria Assembl\u00e9ia Geral Extraordin\u00e1ria &#8211; AGE ANADEP-FJ &#8211; \u00abDefensoria P\u00fablica: a\u00e7\u00e3o estrat\u00e9gica para a garantia de direitos em manifesta\u00e7\u00f5es populares\u00bb (2014) &#8211; en portugu\u00e9s<\/em><\/a><br \/>\n2015<br \/>\n<a title=\"I RELAT\u00d3RIO NACIONAL DE ATUA\u00c7\u00c3O EM PROL DE PESSOAS E\/OU GRUPOS EM CONDI\u00c7\u00c3O DE VULNERABILIDADE\" href=\"https:\/\/www.anadep.org.br\/wtksite\/Livro_Relat_rio_de_Atua__es.pdf\"><em>I Relat\u00f3rio Nacional de Atua\u00e7\u00e3o em prol de Pessoas e\/ou Grupos em Condi\u00e7\u00e3o de Vulnerabilidade (2015) &#8211; en portugu\u00e9s<\/em><\/a><br \/>\n<em><a title=\"II RELAT\u00d3RIO NACIONAL DE ATUA\u00c7\u00d5ES COLETIVAS DA DEFENSORIA P\u00daBLICA\" href=\"https:\/\/www.anadep.org.br\/wtksite\/Preview_Livro_Defensoria_II_Relat_rio%281%29.pdf\">II Relat\u00f3rio Nacional de Atua\u00e7\u00f5es Coletivas da Defensoria P\u00fablica (2015) &#8211; en portugu\u00e9s<\/a><\/em><br \/>\n<a href=\"https:\/\/forumjustica.com.br\/wp-content\/uploads\/2015\/08\/Traduccion-Relator--a-General.pdf\">Seminario Pol\u00edtica Judicial Latinoamericana en una Perspectiva de la Defensor\u00eda P\u00fablica (2015) &#8211; Relatoria General &#8211; versi\u00f3n en espa\u00f1ol<\/a><br \/>\n<a href=\"https:\/\/forumjustica.com.br\/pb\/sistema-de-justica-da-america-latina-e-debatido-em-seminario-internacional-no-rio-de-janeiro\/\"><em>Informativo do Semin\u00e1rio \u00abPol\u00edtica Judicial Latino-Americana em uma Perspectiva da Defensoria P\u00fablica\u00bb (2015) &#8211; en portugu\u00e9s<\/em><\/a><br \/>\n<a href=\"https:\/\/forumjustica.com.br\/wp-content\/uploads\/2015\/08\/2-Carta-de-Rio_espanol.pdf\">Documento Final del Seminario-Taller \u00abPol\u00edtica Judicial Latinoamericana en una Perspectiva de la Defensor\u00eda P\u00fablica\u00bb &#8211; 2\u00aa Carta de R\u00edo (2015) <\/a><br \/>\n<a href=\"https:\/\/forumjustica.com.br\/wp-content\/uploads\/2015\/08\/RELATORIO-GERAL-final-revisado.pdf\"><em>Semin\u00e1rio A Reforma da Justi\u00e7a no Brasil: uma d\u00e9cada de desafios e conquistas em uma perspectiva latino-americana (2015) &#8211; <\/em><\/a><em><a href=\"https:\/\/forumjustica.com.br\/wp-content\/uploads\/2015\/08\/RELATORIO-GERAL-final-revisado.pdf\">Relat\u00f3rio Geral &#8211; en portugu\u00e9s<\/a><\/em><br \/>\n<a href=\"https:\/\/forumjustica.com.br\/wp-content\/uploads\/2015\/08\/Informativo-revisado_17jan2016_2_revisado-final.pdf\"><em>Informativo do Semin\u00e1rio \u00abA Reforma da Justi\u00e7a no Brasil: uma d\u00e9cada de desafios e conquistas em uma perspectiva latino-americana\u00bb (2015) &#8211; en portugu\u00e9s<\/em><\/a><br \/>\n<a href=\"https:\/\/forumjustica.com.br\/wp-content\/uploads\/2015\/08\/Documento-final_-espanol.pdf\">Documento Final del Seminario \u00abLa Reforma de la Justicia en Brasil: una d\u00e9cada de desaf\u00edos y conquistas en una perspectiva latinoamericana\u00bb (Contribuciones a la Plataforma para la Democratizaci\u00f3n del Sistema de Justicia con Horizontes Estrat\u00e9gicos Intersetoriales) (2015) &#8211; versi\u00f3n en espa\u00f1ol<\/a><br \/>\n<a href=\"https:\/\/forumjustica.com.br\/wp-content\/uploads\/2015\/08\/Informativo-final_ingles.pdf\"><em>Newsletter Seminar \u00abJustice Reform in Brazil: one decade of challenges and achievements from a Latin American perspective\u00bb (2015) &#8211; English version<\/em><\/a><br \/>\n<a href=\"https:\/\/forumjustica.com.br\/wp-content\/uploads\/2015\/08\/Projeto-Pacto-100-Regras-de-Brasi--lia.pdf\"><em>Projeto Pacto pela Aplicabilidade das \u00ab100 Regras de Brasi\u0301lia para o Acesso \u00e0 Justi\u00e7a de Pessoas em Situa\u00e7\u00e3o de Vulnerabilidade\u00bb (2015) &#8211; en portugu\u00e9s<\/em><\/a><br \/>\n<a href=\"https:\/\/forumjustica.com.br\/wp-content\/uploads\/2015\/08\/traduccion-taller-vulnerabilidad-Conflito-de-codifica----o-Unicode1.pdf\">Relatoria del Taller FJ \u00abVulnerabilidad en dos planes jur\u00eddico-pol\u00edticos\u00bb, en el XII Congreso Nacional de Defensores P\u00fablico (2015) &#8211; versi\u00f3n en espa\u00f1ol<\/a><br \/>\n2016<br \/>\n<a href=\"https:\/\/forumjustica.com.br\/wp-content\/uploads\/2015\/08\/Livro-Anais-do-Seminario-Reforma-da-Justica-no-Brasil-2016.pdf\"><em>Livro Anais do Semin\u00e1rio \u00abReforma da Justi\u00e7a no Brasil: uma d\u00e9cada de desafios e conquistas em uma perspectiva latino-americana\u00bb (2016) &#8211; en portugu\u00e9s<\/em><\/a><br \/>\n<a href=\"https:\/\/forumjustica.com.br\/wp-content\/uploads\/2015\/08\/Relatorio-da-XVIII-Cupula-Judicial-Ibero-americana-Forum-Justi-a-Rafael-Jordan-2.pdf\"><em>Relat\u00f3rio da XVIII C\u00fapula Judicial Ibero-americana &#8211; F\u00f3rum Justi\u00e7a (2016) &#8211; en portugu\u00e9s<\/em><\/a><br \/>\n2017<\/p>\n<p id=\"f5c9\" class=\"graf graf--h3 graf--leading graf--title\"><a href=\"https:\/\/medium.com\/@forumjustica\/relato-da-oficina-ouvidorias-externas-no-sistema-de-justi%C3%A7a-reflex%C3%B5es-a-partir-da-experi%C3%AAncia-nas-7594143066d6\"><em>Oficina \u201cOuvidorias Externas no sistema de justi\u00e7a: reflex\u00f5es a partir da experi\u00eancia nas Defensorias P\u00fablicas\u201d &#8211; Relatoria Geral (2017) &#8211; en portugu\u00e9s<\/em><\/a><\/p>\n<p><em><a href=\"https:\/\/forumjustica.com.br\/wp-content\/uploads\/2015\/08\/Protocolo-DP-pessoas-internadas.pdf\">Protocolo de Atua\u00e7\u00e3o da Defensoria P\u00fablica em Atendimento \u00e0s Pessoas Internadas (2017) &#8211; en portugu\u00e9s<\/a><\/em><br \/>\n<em><a href=\"https:\/\/medium.com\/@forumjustica\/relat%C3%B3rio-geral-6cffc944ef2\">Semin\u00e1rio Internacional Defensoria P\u00fablica no C\u00e1rcere e Luta Antimanicomial (2017) &#8211; Relat\u00f3rio Geral &#8211; en portugu\u00e9s<\/a><\/em><br \/>\n<em><a href=\"https:\/\/medium.com\/@forumjustica\/semin%C3%A1rio-litig%C3%A2ncia-estrat%C3%A9gica-e-direito-de-resist%C3%AAncia-relato-9d68db7f3390\">Semin\u00e1rio \u00abLitig\u00e2ncia Estrat\u00e9gica e Direito de Resist\u00eancia\u00bb (2017) &#8211; Relat\u00f3rio Geral &#8211; en portugu\u00e9s<\/a><\/em><br \/>\n<em><a href=\"https:\/\/medium.com\/@forumjustica\/relat%C3%B3rio-geral-cfdd4cba9bb3\">Semin\u00e1rio Nacional de Litig\u00e2ncia Estrat\u00e9gica em Direitos Humanos: usos, sentidos e pr\u00e1ticas na Defensoria P\u00fablica (2017) &#8211; Relat\u00f3rio Geral &#8211; en portugu\u00e9s<\/a><\/em><br \/>\n2018<br \/>\n<a href=\"https:\/\/medium.com\/@forumjustica\/i-jornada-nacional-sobre-racismo-institucional-e-sistema-de-justi%C3%A7a-75f89b26d91d\"><em>I Jornada Nacional sobre Racismo Institucional e Sistema de Justi\u00e7a &#8211; Relatoria Geral (2018) &#8211; en portugu\u00e9s\u00a0<\/em><\/a><br \/>\n<a href=\"https:\/\/forumjustica.com.br\/wp-content\/uploads\/2015\/08\/Carta-de-Resist-ncia-de-Curitiba.pdf\"><em>Carta de Resist\u00eancia de Curitiba (2018) &#8211; I Semin\u00e1rio Nacional de Direito de Manifesta\u00e7\u00e3o e Sistema de Justi\u00e7a &#8211; en portugu\u00e9s<\/em><\/a><br \/>\n<a href=\"https:\/\/forumjustica.com.br\/wp-content\/uploads\/2018\/07\/CURITIBA-LETTER-OF-RESISTANCE.pdf\"><em>Curitiba Letter of Resistance (2018) I National Seminar on the Right of Manifestation and the System of Justice<\/em> &#8211; English version<\/a><br \/>\n&nbsp;<br \/>\n<strong>Otros documentos <\/strong><br \/>\n<em><a href=\"https:\/\/forumjustica.com.br\/wp-content\/uploads\/2011\/10\/CARTA-DE-DERECHOS-DE-LAS-PERSONAS-ANTE-LA-JUSTICIA.pdf\">C<\/a><\/em><a href=\"https:\/\/forumjustica.com.br\/wp-content\/uploads\/2011\/10\/CARTA-DE-DERECHOS-DE-LAS-PERSONAS-ANTE-LA-JUSTICIA.pdf\">arta de Derechos de las Personas ante la Justicia &#8211; en espa\u00f1ol<\/a><br \/>\n<a href=\"https:\/\/forumjustica.com.br\/wp-content\/uploads\/2015\/08\/carta_iberoamericana_de_participacion_ciudadana.pdf\">Carta Iberoamericana de Participaci\u00f3n Ciudadana en la Gesti\u00f3n P\u00fablica &#8211; en espa\u00f1ol<\/a><br \/>\n<a href=\"https:\/\/forumjustica.com.br\/wp-content\/uploads\/2015\/08\/Diagnostico-DP.pdf\">Diagn\u00f3stico de la Defensor\u00eda P\u00fablica en Am\u00e9rica (2012) &#8211; Associaci\u00f3n Interamericana de Defensorias P\u00fablicas &#8211; en espa\u00f1ol<\/a><br \/>\n&nbsp;<\/p>","protected":false},"featured_media":0,"template":"","categories":[],"tags":[],"anos":[189],"projetos":[],"autorias":[],"tipos":[],"eixos_tematicos":[],"especiais":[],"locais":[],"pessoas":[],"estado":[],"academia":[],"sociedade_civil":[],"class_list":["post-9826","biblioteca","type-biblioteca","status-publish","hentry","anos-189"],"_links":{"self":[{"href":"https:\/\/forumjustica.com.br\/es\/wp-json\/wp\/v2\/biblioteca\/9826","targetHints":{"allow":["GET"]}}],"collection":[{"href":"https:\/\/forumjustica.com.br\/es\/wp-json\/wp\/v2\/biblioteca"}],"about":[{"href":"https:\/\/forumjustica.com.br\/es\/wp-json\/wp\/v2\/types\/biblioteca"}],"wp:attachment":[{"href":"https:\/\/forumjustica.com.br\/es\/wp-json\/wp\/v2\/media?parent=9826"}],"wp:term":[{"taxonomy":"category","embeddable":true,"href":"https:\/\/forumjustica.com.br\/es\/wp-json\/wp\/v2\/categories?post=9826"},{"taxonomy":"post_tag","embeddable":true,"href":"https:\/\/forumjustica.com.br\/es\/wp-json\/wp\/v2\/tags?post=9826"},{"taxonomy":"anos","embeddable":true,"href":"https:\/\/forumjustica.com.br\/es\/wp-json\/wp\/v2\/anos?post=9826"},{"taxonomy":"projetos","embeddable":true,"href":"https:\/\/forumjustica.com.br\/es\/wp-json\/wp\/v2\/projetos?post=9826"},{"taxonomy":"autorias","embeddable":true,"href":"https:\/\/forumjustica.com.br\/es\/wp-json\/wp\/v2\/autorias?post=9826"},{"taxonomy":"tipos","embeddable":true,"href":"https:\/\/forumjustica.com.br\/es\/wp-json\/wp\/v2\/tipos?post=9826"},{"taxonomy":"eixos_tematicos","embeddable":true,"href":"https:\/\/forumjustica.com.br\/es\/wp-json\/wp\/v2\/eixos_tematicos?post=9826"},{"taxonomy":"especiais","embeddable":true,"href":"https:\/\/forumjustica.com.br\/es\/wp-json\/wp\/v2\/especiais?post=9826"},{"taxonomy":"locais","embeddable":true,"href":"https:\/\/forumjustica.com.br\/es\/wp-json\/wp\/v2\/locais?post=9826"},{"taxonomy":"pessoas","embeddable":true,"href":"https:\/\/forumjustica.com.br\/es\/wp-json\/wp\/v2\/pessoas?post=9826"},{"taxonomy":"estado","embeddable":true,"href":"https:\/\/forumjustica.com.br\/es\/wp-json\/wp\/v2\/estado?post=9826"},{"taxonomy":"academia","embeddable":true,"href":"https:\/\/forumjustica.com.br\/es\/wp-json\/wp\/v2\/academia?post=9826"},{"taxonomy":"sociedade_civil","embeddable":true,"href":"https:\/\/forumjustica.com.br\/es\/wp-json\/wp\/v2\/sociedade_civil?post=9826"}],"curies":[{"name":"wp","href":"https:\/\/api.w.org\/{rel}","templated":true}]}}